{"id":3419,"date":"2026-08-27T13:31:19","date_gmt":"2026-08-27T16:31:19","guid":{"rendered":"https:\/\/fmmural91.uno\/2024\/?page_id=3419"},"modified":"2026-08-31T14:50:18","modified_gmt":"2026-08-31T17:50:18","slug":"internacionales","status":"publish","type":"page","link":"https:\/\/fmmural91.uno\/2024\/internacionales\/","title":{"rendered":"Internacionales"},"content":{"rendered":"\t\t<div data-elementor-type=\"wp-page\" data-elementor-id=\"3419\" class=\"elementor elementor-3419\" data-elementor-post-type=\"page\">\n\t\t\t\t<div class=\"elementor-element elementor-element-0b536e5 e-flex e-con-boxed e-con e-parent\" data-id=\"0b536e5\" data-element_type=\"container\" data-e-type=\"container\">\n\t\t\t\t\t<div class=\"e-con-inner\">\n\t\t\t\t<div class=\"elementor-element elementor-element-a02d313 elementor-grid-3 elementor-grid-tablet-2 elementor-grid-mobile-1 elementor-posts--thumbnail-top elementor-card-shadow-yes elementor-posts__hover-gradient elementor-widget elementor-widget-posts\" data-id=\"a02d313\" data-element_type=\"widget\" data-e-type=\"widget\" data-settings=\"{&quot;pagination_type&quot;:&quot;numbers&quot;,&quot;cards_columns&quot;:&quot;3&quot;,&quot;cards_columns_tablet&quot;:&quot;2&quot;,&quot;cards_columns_mobile&quot;:&quot;1&quot;,&quot;cards_row_gap&quot;:{&quot;unit&quot;:&quot;px&quot;,&quot;size&quot;:35,&quot;sizes&quot;:[]},&quot;cards_row_gap_tablet&quot;:{&quot;unit&quot;:&quot;px&quot;,&quot;size&quot;:&quot;&quot;,&quot;sizes&quot;:[]},&quot;cards_row_gap_mobile&quot;:{&quot;unit&quot;:&quot;px&quot;,&quot;size&quot;:&quot;&quot;,&quot;sizes&quot;:[]}}\" data-widget_type=\"posts.cards\">\n\t\t\t\t<div class=\"elementor-widget-container\">\n\t\t\t\t\t\t\t<div class=\"elementor-posts-container elementor-posts elementor-posts--skin-cards elementor-grid\" role=\"list\">\r\n\t\t\t\t<article class=\"elementor-post elementor-grid-item post-3653 post type-post status-publish format-standard has-post-thumbnail hentry category-internacionales\" role=\"listitem\">\r\n\t\t\t<div class=\"elementor-post__card\">\r\n\t\t\t\t<a class=\"elementor-post__thumbnail__link\" href=\"https:\/\/fmmural91.uno\/2024\/reunion-de-caracter-urgente-con-funcionarios-de-la-embajada-argentina\/\" tabindex=\"-1\" ><div class=\"elementor-post__thumbnail\"><img fetchpriority=\"high\" decoding=\"async\" width=\"559\" height=\"383\" src=\"https:\/\/fmmural91.uno\/2024\/wp-content\/uploads\/2026\/09\/Captura-de-pantalla-2026-09-04-095548-559x383.png\" class=\"attachment-medium size-medium wp-image-3654\" alt=\"\" srcset=\"https:\/\/fmmural91.uno\/2024\/wp-content\/uploads\/2026\/09\/Captura-de-pantalla-2026-09-04-095548-559x383.png 559w, https:\/\/fmmural91.uno\/2024\/wp-content\/uploads\/2026\/09\/Captura-de-pantalla-2026-09-04-095548-768x526.png 768w, https:\/\/fmmural91.uno\/2024\/wp-content\/uploads\/2026\/09\/Captura-de-pantalla-2026-09-04-095548.png 942w\" sizes=\"(max-width: 559px) 100vw, 559px\" \/><\/div><\/a>\r\n\t\t\t\t<div class=\"elementor-post__badge\">Internacionales<\/div>\r\n\t\t\t\t<div class=\"elementor-post__text\">\r\n\t\t\t\t<h3 class=\"elementor-post__title\">\r\n\t\t\t<a href=\"https:\/\/fmmural91.uno\/2024\/reunion-de-caracter-urgente-con-funcionarios-de-la-embajada-argentina\/\" >\r\n\t\t\t\tReuni\u00f3n de car\u00e1cter \u00aburgente\u00bb con funcionarios de la embajada argentina\t\t\t<\/a>\r\n\t\t<\/h3>\r\n\t\t\r\n\t\t<a class=\"elementor-post__read-more\" href=\"https:\/\/fmmural91.uno\/2024\/reunion-de-caracter-urgente-con-funcionarios-de-la-embajada-argentina\/\" aria-label=\"Read more about Reuni\u00f3n de car\u00e1cter \u00aburgente\u00bb con funcionarios de la embajada argentina\" tabindex=\"-1\" >\r\n\t\t\tVer m\u00e1s\t\t<\/a>\r\n\r\n\t\t\t\t<\/div>\r\n\t\t\t\t<div class=\"elementor-post__meta-data\">\r\n\t\t\t\t\t<span class=\"elementor-post-date\">\r\n\t\t\t\t\t<\/span>\r\n\t\t\t\t<span class=\"elementor-post-avatar\">\r\n\t\t\tNo hay comentarios\t\t<\/span>\r\n\t\t\t\t<\/div>\r\n\t\t\t\t\t<\/div>\r\n\t\t<\/article>\r\n\t\t\t\t<article class=\"elementor-post elementor-grid-item post-3650 post type-post status-publish format-standard has-post-thumbnail hentry category-internacionales\" role=\"listitem\">\r\n\t\t\t<div class=\"elementor-post__card\">\r\n\t\t\t\t<a class=\"elementor-post__thumbnail__link\" href=\"https:\/\/fmmural91.uno\/2024\/llevo-a-chile-su-batalla-cultural\/\" tabindex=\"-1\" ><div class=\"elementor-post__thumbnail\"><img decoding=\"async\" width=\"559\" height=\"388\" src=\"https:\/\/fmmural91.uno\/2024\/wp-content\/uploads\/2026\/09\/Captura-de-pantalla-2026-09-04-094855-559x388.png\" class=\"attachment-medium size-medium wp-image-3651\" alt=\"\" srcset=\"https:\/\/fmmural91.uno\/2024\/wp-content\/uploads\/2026\/09\/Captura-de-pantalla-2026-09-04-094855-559x388.png 559w, https:\/\/fmmural91.uno\/2024\/wp-content\/uploads\/2026\/09\/Captura-de-pantalla-2026-09-04-094855-768x533.png 768w, https:\/\/fmmural91.uno\/2024\/wp-content\/uploads\/2026\/09\/Captura-de-pantalla-2026-09-04-094855.png 947w\" sizes=\"(max-width: 559px) 100vw, 559px\" \/><\/div><\/a>\r\n\t\t\t\t<div class=\"elementor-post__badge\">Internacionales<\/div>\r\n\t\t\t\t<div class=\"elementor-post__text\">\r\n\t\t\t\t<h3 class=\"elementor-post__title\">\r\n\t\t\t<a href=\"https:\/\/fmmural91.uno\/2024\/llevo-a-chile-su-batalla-cultural\/\" >\r\n\t\t\t\tLlev\u00f3 a Chile su batalla cultural\t\t\t<\/a>\r\n\t\t<\/h3>\r\n\t\t\r\n\t\t<a class=\"elementor-post__read-more\" href=\"https:\/\/fmmural91.uno\/2024\/llevo-a-chile-su-batalla-cultural\/\" aria-label=\"Read more about Llev\u00f3 a Chile su batalla cultural\" tabindex=\"-1\" >\r\n\t\t\tVer m\u00e1s\t\t<\/a>\r\n\r\n\t\t\t\t<\/div>\r\n\t\t\t\t<div class=\"elementor-post__meta-data\">\r\n\t\t\t\t\t<span class=\"elementor-post-date\">\r\n\t\t\t\t\t<\/span>\r\n\t\t\t\t<span class=\"elementor-post-avatar\">\r\n\t\t\tNo hay comentarios\t\t<\/span>\r\n\t\t\t\t<\/div>\r\n\t\t\t\t\t<\/div>\r\n\t\t<\/article>\r\n\t\t\t\t<article class=\"elementor-post elementor-grid-item post-3615 post type-post status-publish format-standard hentry category-internacionales\" role=\"listitem\">\r\n\t\t\t<div class=\"elementor-post__card\">\r\n\t\t\t\t<div class=\"elementor-post__text\">\r\n\t\t\t\t<h3 class=\"elementor-post__title\">\r\n\t\t\t<a href=\"https:\/\/fmmural91.uno\/2024\/dolar-vs-tasas-actividad-como-objetivo-central-o-prueba-y-error-hasta-encontrar-un-equilibrio\/\" >\r\n\t\t\t\tD\u00f3lar vs tasas: \u00bfactividad como objetivo central o \u00abprueba y error\u00bb hasta encontrar un equilibrio?\t\t\t<\/a>\r\n\t\t<\/h3>\r\n\t\t\r\n\t\t<a class=\"elementor-post__read-more\" href=\"https:\/\/fmmural91.uno\/2024\/dolar-vs-tasas-actividad-como-objetivo-central-o-prueba-y-error-hasta-encontrar-un-equilibrio\/\" aria-label=\"Read more about D\u00f3lar vs tasas: \u00bfactividad como objetivo central o \u00abprueba y error\u00bb hasta encontrar un equilibrio?\" tabindex=\"-1\" >\r\n\t\t\tVer m\u00e1s\t\t<\/a>\r\n\r\n\t\t\t\t<\/div>\r\n\t\t\t\t<div class=\"elementor-post__meta-data\">\r\n\t\t\t\t\t<span class=\"elementor-post-date\">\r\n\t\t\t\t\t<\/span>\r\n\t\t\t\t<span class=\"elementor-post-avatar\">\r\n\t\t\tNo hay comentarios\t\t<\/span>\r\n\t\t\t\t<\/div>\r\n\t\t\t\t\t<\/div>\r\n\t\t<\/article>\r\n\t\t\t\t<article class=\"elementor-post elementor-grid-item post-3558 post type-post status-publish format-standard has-post-thumbnail hentry category-internacionales\" role=\"listitem\">\r\n\t\t\t<div class=\"elementor-post__card\">\r\n\t\t\t\t<a class=\"elementor-post__thumbnail__link\" href=\"https:\/\/fmmural91.uno\/2024\/que-opina-el-papa-leon-xiv-sobre-la-ia-la-enciclica-del-sumo-pontifice-sobre-la-inteligencia-artificial\/\" tabindex=\"-1\" ><div class=\"elementor-post__thumbnail\"><img decoding=\"async\" width=\"559\" height=\"396\" src=\"https:\/\/fmmural91.uno\/2024\/wp-content\/uploads\/2026\/09\/Captura-de-pantalla-2026-09-01-095514-1-559x396.png\" class=\"attachment-medium size-medium wp-image-3560\" alt=\"\" srcset=\"https:\/\/fmmural91.uno\/2024\/wp-content\/uploads\/2026\/09\/Captura-de-pantalla-2026-09-01-095514-1-559x396.png 559w, https:\/\/fmmural91.uno\/2024\/wp-content\/uploads\/2026\/09\/Captura-de-pantalla-2026-09-01-095514-1.png 702w\" sizes=\"(max-width: 559px) 100vw, 559px\" \/><\/div><\/a>\r\n\t\t\t\t<div class=\"elementor-post__badge\">Internacionales<\/div>\r\n\t\t\t\t<div class=\"elementor-post__text\">\r\n\t\t\t\t<h3 class=\"elementor-post__title\">\r\n\t\t\t<a href=\"https:\/\/fmmural91.uno\/2024\/que-opina-el-papa-leon-xiv-sobre-la-ia-la-enciclica-del-sumo-pontifice-sobre-la-inteligencia-artificial\/\" >\r\n\t\t\t\tQu\u00e9 opina el papa Le\u00f3n XIV sobre la IA: la enc\u00edclica del Sumo Pont\u00edfice sobre la Inteligencia Artificial\t\t\t<\/a>\r\n\t\t<\/h3>\r\n\t\t\r\n\t\t<a class=\"elementor-post__read-more\" href=\"https:\/\/fmmural91.uno\/2024\/que-opina-el-papa-leon-xiv-sobre-la-ia-la-enciclica-del-sumo-pontifice-sobre-la-inteligencia-artificial\/\" aria-label=\"Read more about Qu\u00e9 opina el papa Le\u00f3n XIV sobre la IA: la enc\u00edclica del Sumo Pont\u00edfice sobre la Inteligencia Artificial\" tabindex=\"-1\" >\r\n\t\t\tVer m\u00e1s\t\t<\/a>\r\n\r\n\t\t\t\t<\/div>\r\n\t\t\t\t<div class=\"elementor-post__meta-data\">\r\n\t\t\t\t\t<span class=\"elementor-post-date\">\r\n\t\t\t\t\t<\/span>\r\n\t\t\t\t<span class=\"elementor-post-avatar\">\r\n\t\t\tNo hay comentarios\t\t<\/span>\r\n\t\t\t\t<\/div>\r\n\t\t\t\t\t<\/div>\r\n\t\t<\/article>\r\n\t\t\t\t<article class=\"elementor-post elementor-grid-item post-3555 post type-post status-publish format-standard has-post-thumbnail hentry category-internacionales\" role=\"listitem\">\r\n\t\t\t<div class=\"elementor-post__card\">\r\n\t\t\t\t<a class=\"elementor-post__thumbnail__link\" href=\"https:\/\/fmmural91.uno\/2024\/trump-hablo-de-malvinas-siempre-reviso-todas-mis-posiciones\/\" tabindex=\"-1\" ><div class=\"elementor-post__thumbnail\"><img loading=\"lazy\" decoding=\"async\" width=\"559\" height=\"322\" src=\"https:\/\/fmmural91.uno\/2024\/wp-content\/uploads\/2026\/09\/Captura-de-pantalla-2026-09-01-094519-559x322.png\" class=\"attachment-medium size-medium wp-image-3556\" alt=\"\" srcset=\"https:\/\/fmmural91.uno\/2024\/wp-content\/uploads\/2026\/09\/Captura-de-pantalla-2026-09-01-094519-559x322.png 559w, https:\/\/fmmural91.uno\/2024\/wp-content\/uploads\/2026\/09\/Captura-de-pantalla-2026-09-01-094519.png 690w\" sizes=\"(max-width: 559px) 100vw, 559px\" \/><\/div><\/a>\r\n\t\t\t\t<div class=\"elementor-post__badge\">Internacionales<\/div>\r\n\t\t\t\t<div class=\"elementor-post__text\">\r\n\t\t\t\t<h3 class=\"elementor-post__title\">\r\n\t\t\t<a href=\"https:\/\/fmmural91.uno\/2024\/trump-hablo-de-malvinas-siempre-reviso-todas-mis-posiciones\/\" >\r\n\t\t\t\tTrump habl\u00f3 de Malvinas: \u00abSiempre reviso todas mis posiciones\u00bb\t\t\t<\/a>\r\n\t\t<\/h3>\r\n\t\t\r\n\t\t<a class=\"elementor-post__read-more\" href=\"https:\/\/fmmural91.uno\/2024\/trump-hablo-de-malvinas-siempre-reviso-todas-mis-posiciones\/\" aria-label=\"Read more about Trump habl\u00f3 de Malvinas: \u00abSiempre reviso todas mis posiciones\u00bb\" tabindex=\"-1\" >\r\n\t\t\tVer m\u00e1s\t\t<\/a>\r\n\r\n\t\t\t\t<\/div>\r\n\t\t\t\t<div class=\"elementor-post__meta-data\">\r\n\t\t\t\t\t<span class=\"elementor-post-date\">\r\n\t\t\t\t\t<\/span>\r\n\t\t\t\t<span class=\"elementor-post-avatar\">\r\n\t\t\tNo hay comentarios\t\t<\/span>\r\n\t\t\t\t<\/div>\r\n\t\t\t\t\t<\/div>\r\n\t\t<\/article>\r\n\t\t\t\t<article class=\"elementor-post elementor-grid-item post-3549 post type-post status-publish format-standard has-post-thumbnail hentry category-internacionales\" role=\"listitem\">\r\n\t\t\t<div class=\"elementor-post__card\">\r\n\t\t\t\t<a class=\"elementor-post__thumbnail__link\" href=\"https:\/\/fmmural91.uno\/2024\/durante-el-g20-en-ee-uu-se-reunio-con-la-titular-del-fmi-y-con-bessent\/\" tabindex=\"-1\" ><div class=\"elementor-post__thumbnail\"><img loading=\"lazy\" decoding=\"async\" width=\"559\" height=\"390\" src=\"https:\/\/fmmural91.uno\/2024\/wp-content\/uploads\/2026\/09\/Captura-de-pantalla-2026-09-01-092323-559x390.png\" class=\"attachment-medium size-medium wp-image-3550\" alt=\"\" srcset=\"https:\/\/fmmural91.uno\/2024\/wp-content\/uploads\/2026\/09\/Captura-de-pantalla-2026-09-01-092323-559x390.png 559w, https:\/\/fmmural91.uno\/2024\/wp-content\/uploads\/2026\/09\/Captura-de-pantalla-2026-09-01-092323-768x535.png 768w, https:\/\/fmmural91.uno\/2024\/wp-content\/uploads\/2026\/09\/Captura-de-pantalla-2026-09-01-092323.png 940w\" sizes=\"(max-width: 559px) 100vw, 559px\" \/><\/div><\/a>\r\n\t\t\t\t<div class=\"elementor-post__badge\">Internacionales<\/div>\r\n\t\t\t\t<div class=\"elementor-post__text\">\r\n\t\t\t\t<h3 class=\"elementor-post__title\">\r\n\t\t\t<a href=\"https:\/\/fmmural91.uno\/2024\/durante-el-g20-en-ee-uu-se-reunio-con-la-titular-del-fmi-y-con-bessent\/\" >\r\n\t\t\t\tDurante el G20, en EE.UU, se reuni\u00f3 con la titular del FMI y con Bessent\t\t\t<\/a>\r\n\t\t<\/h3>\r\n\t\t\r\n\t\t<a class=\"elementor-post__read-more\" href=\"https:\/\/fmmural91.uno\/2024\/durante-el-g20-en-ee-uu-se-reunio-con-la-titular-del-fmi-y-con-bessent\/\" aria-label=\"Read more about Durante el G20, en EE.UU, se reuni\u00f3 con la titular del FMI y con Bessent\" tabindex=\"-1\" >\r\n\t\t\tVer m\u00e1s\t\t<\/a>\r\n\r\n\t\t\t\t<\/div>\r\n\t\t\t\t<div class=\"elementor-post__meta-data\">\r\n\t\t\t\t\t<span class=\"elementor-post-date\">\r\n\t\t\t\t\t<\/span>\r\n\t\t\t\t<span class=\"elementor-post-avatar\">\r\n\t\t\tNo hay comentarios\t\t<\/span>\r\n\t\t\t\t<\/div>\r\n\t\t\t\t\t<\/div>\r\n\t\t<\/article>\r\n\t\t\t\t<\/div>\r\n\t\t\r\n\t\t\t\t<div class=\"e-load-more-anchor\" data-page=\"1\" data-max-page=\"6\" data-next-page=\"https:\/\/fmmural91.uno\/2024\/wp-json\/wp\/v2\/pages\/3419\/page\/2\/\"><\/div>\r\n\t\t\t\t<nav class=\"elementor-pagination\" aria-label=\"Pagination\">\r\n\t\t\t<span aria-current=\"page\" class=\"page-numbers current\"><span class=\"elementor-screen-only\">Page<\/span>1<\/span>\n<a class=\"page-numbers\" href=\"https:\/\/fmmural91.uno\/2024\/wp-json\/wp\/v2\/pages\/3419\/page\/2\/\"><span class=\"elementor-screen-only\">Page<\/span>2<\/a>\n<a class=\"page-numbers\" href=\"https:\/\/fmmural91.uno\/2024\/wp-json\/wp\/v2\/pages\/3419\/page\/3\/\"><span class=\"elementor-screen-only\">Page<\/span>3<\/a>\n<a class=\"page-numbers\" href=\"https:\/\/fmmural91.uno\/2024\/wp-json\/wp\/v2\/pages\/3419\/page\/4\/\"><span class=\"elementor-screen-only\">Page<\/span>4<\/a>\n<a class=\"page-numbers\" href=\"https:\/\/fmmural91.uno\/2024\/wp-json\/wp\/v2\/pages\/3419\/page\/5\/\"><span class=\"elementor-screen-only\">Page<\/span>5<\/a>\t\t<\/nav>\r\n\t\t\t\t\t\t<\/div>\n\t\t\t\t<\/div>\n\t\t\t\t\t<\/div>\n\t\t\t\t<\/div>\n\t\t\t\t<\/div>\n\t\t","protected":false},"excerpt":{"rendered":"","protected":false},"author":2,"featured_media":0,"parent":0,"menu_order":0,"comment_status":"closed","ping_status":"closed","template":"","meta":{"sync_status":"","episode_type":"","audio_file":"","castos_file_data":"","podmotor_file_id":"","cover_image":"","cover_image_id":"","duration":"","filesize":"","filesize_raw":"","date_recorded":"","explicit":"","block":"","footnotes":""},"class_list":["post-3419","page","type-page","status-publish","hentry"],"_links":{"self":[{"href":"https:\/\/fmmural91.uno\/2024\/wp-json\/wp\/v2\/pages\/3419","targetHints":{"allow":["GET"]}}],"collection":[{"href":"https:\/\/fmmural91.uno\/2024\/wp-json\/wp\/v2\/pages"}],"about":[{"href":"https:\/\/fmmural91.uno\/2024\/wp-json\/wp\/v2\/types\/page"}],"author":[{"embeddable":true,"href":"https:\/\/fmmural91.uno\/2024\/wp-json\/wp\/v2\/users\/2"}],"replies":[{"embeddable":true,"href":"https:\/\/fmmural91.uno\/2024\/wp-json\/wp\/v2\/comments?post=3419"}],"version-history":[{"count":7,"href":"https:\/\/fmmural91.uno\/2024\/wp-json\/wp\/v2\/pages\/3419\/revisions"}],"predecessor-version":[{"id":3533,"href":"https:\/\/fmmural91.uno\/2024\/wp-json\/wp\/v2\/pages\/3419\/revisions\/3533"}],"wp:attachment":[{"href":"https:\/\/fmmural91.uno\/2024\/wp-json\/wp\/v2\/media?parent=3419"}],"curies":[{"name":"wp","href":"https:\/\/api.w.org\/{rel}","templated":true}]}}